{"id":1386,"date":"2015-12-18T11:47:01","date_gmt":"2015-12-18T10:47:01","guid":{"rendered":"https:\/\/www.loliferrer.com\/ca\/producte\/umami-oli-doliva-verge-extra-organic-caviar-vinagre-balsamic-pedro-ximenez-flor-sal-del-mediterrani-loli-ferrer\/"},"modified":"2020-05-26T09:51:57","modified_gmt":"2020-05-26T07:51:57","slug":"umami-oli-doliva-verge-extra-organic-caviar-vinagre-balsamic-pedro-ximenez-flor-sal-del-mediterrani-loli-ferrer","status":"publish","type":"product","link":"https:\/\/www.loliferrer.com\/ca\/producto\/umami-oli-doliva-verge-extra-organic-caviar-vinagre-balsamic-pedro-ximenez-flor-sal-del-mediterrani-loli-ferrer\/","title":{"rendered":"Pack Regal Gurmet ECO Oli d&#8217;Oliva Verge Extra Ecol\u00f2gic ESSENCE, Caviar de Vinagre Bals\u00e0mic de Pedro Xim\u00e8nez i Flor de sal del Mediterrani"},"content":{"rendered":"<h2>Oli d&#8217;Oliva Verge Extra Ecol\u00f2gic ESSENCE By L&#8217;Oli Ferrer<\/h2>\n<p>El nostre <a href=\"https:\/\/www.loliferrer.com\/ca\/producte\/packs-regal-gourmet\/umami-loli-ferrer\/\">Oli d&#8217;Oliva Verge Extra Essence ecol\u00f2gic by L\u2019Oli Ferrer<\/a> est\u00e0 elaborat amb olives 100% ecol\u00f2giques arbequines de la zona de (Les Garrigues).<\/p>\n<p>Les olives es recol\u00b7lecten a la fi del mes de setembre o principis d&#8217;octubre, i aconseguim amb Essence Eco un oli d&#8217;oliva verge extra ecol\u00f2gic de <strong>collita primerenca i \u201cd\u2019edici\u00f3 limitada<\/strong>\u201c<\/p>\n<p>\u00c9s un oli d&#8217;oliva de primera pressi\u00f3 en fred i amb una acidesa molt baixa que normalment \u00e9s del 0,1\u00b0.<\/p>\n<p>Disponible en format de vidre de 100 ml.<\/p>\n<h2>Caviar de Vinagre Bals\u00e0mic de Pedro Xim\u00e8nez<\/h2>\n<p>El <a href=\"https:\/\/www.loliferrer.com\/ca\/producte\/caviars\/caviar-vinagre-balsamico-pedro-ximenez\/\">Caviar de Vinagre Bals\u00e0mic de Pedro Xim\u00e8nez L\u2019Oli Ferrer<\/a>, \u00e9s una forma innovadora de presentar el vinagre de reserva bals\u00e0mic, mitjan\u00e7ant la t\u00e8cnica de l\u2019esferificaci\u00f3. S&#8217;aconsegueix encapsulant en una perla com si fos caviar, una aparen\u00e7a s\u00f2lida en l\u2019exterior per\u00f2 que cont\u00e9 en el seu interior el vinagre l\u00edquid.<\/p>\n<p>Un producte gurmet com l\u2019esferificaci\u00f3 de vinagre bals\u00e0mic de PX que aporta als nostres plats un toc sofisticat, ens proporciona una explosi\u00f3 de sabor en la boca, per\u00f2 transmetent la puresa de la mat\u00e8ria primera abans de barrejar-se amb tots els ingredients del plat.<\/p>\n<p>La seva utilitzaci\u00f3 seria en els mateixos plats on utilitzem el vinagre bals\u00e0mic en cru, per\u00f2 donant-li un toc diferenciat amb el qual sorprendre els comensals. Un regal per a fer feli\u00e7 al m\u00e9s foodie.<\/p>\n<p>Disponible en format envasi de vidre de 60 g.<\/p>\n<p>Recomanem abans de la seva obertura moure l&#8217;env\u00e0s de vidre, per a alliberar l&#8217;aroma del vinagre de Pedro Xim\u00e8nez. Sempre han d&#8217;estar hidratades pel seu propi vinagre.<\/p>\n<p>Conservar les esferes del vinagre de pedro xim\u00e8nez en fred una vegada obert l&#8217;env\u00e0s protegides de la llum i olors.<\/p>\n<h2>Flor de Sal del Mediterrani L&#8217;Oli Ferrer<\/h2>\n<p>La <a href=\"https:\/\/www.loliferrer.com\/ca\/categoria-producte\/flor-sal\/\">Flor de Sal del Mediterrani L\u2019Oli Ferrer<\/a>, \u00e9s una sal ecol\u00f2gica gourmet, d&#8217;alt\u00edssima qualitat, amb nombrosos nutrients i propietats per la salut. S&#8217;obt\u00e9 mitjan\u00e7ant la cristal\u00b7litzaci\u00f3 en la superf\u00edcie de l&#8217;aigua, en l\u00e0mines fines per l&#8217;evaporaci\u00f3, i es recol\u00b7lecta en forma de flor de sal de les capes superiors de les Salines. Recollida manualment i de manera artesanal a les Salines del Delta de l&#8217;Ebre (Tarragona).<\/p>\n<p>La flor de sal no se sotmet a cap mena de tractament, \u00e9s 100% natural i no t\u00e9 cap mena d&#8217;additiu, ni conservant. Cont\u00e9 el 80% dels oligoelements que s\u00f3n necessaris per a l&#8217;organisme, com el iode, el potassi, el magnesi, i 80 minerals.<\/p>\n<p>Disponible en pot de vidre de 50 gr.<\/p>\n<p>Disponible a la nostra botiga online en estoig regal d\u2019OOVE Essence 100 ml+ Caviar de Vinagre bals\u00e0mic de Pedro Xim\u00e8nez 60 gr + Flor de Sal del Mediterrani 50 gr., amb escuma interior i mesures 25*16,5*5 (opci\u00f3 permesa per a portar en l&#8217;avi\u00f3 en cabina).<\/p>\n<p>Consultar altres opcions de <a href=\"https:\/\/www.loliferrer.com\/ca\/categoria-producte\/packs-regal-gourmet\/\">packs regal gourmet<\/a> combinats amb la gamma de productes gourmet L\u2019Oli Ferrer.<\/p>\n<p>&nbsp;<\/p>\n","protected":false},"excerpt":{"rendered":"<h2>Pack Regal Gourmet ECO<\/h2>\n<p>Un estoig delicatessen combinat per a realitzar un regal perfecte als amants de la cuina ecol\u00f2gica, amb els ingredients per a fer de guarniment a plats creatius. Regala\u00b4t i regala una <strong>gastroexperiencia saludable<\/strong>.<\/p>\n","protected":false},"featured_media":4336,"comment_status":"closed","ping_status":"closed","template":"","meta":[],"product_brand":[],"product_cat":[135],"product_tag":[],"class_list":{"0":"post-1386","1":"product","2":"type-product","3":"status-publish","4":"has-post-thumbnail","6":"product_cat-packs-regal-gourmet","8":"first","9":"outofstock","10":"taxable","11":"shipping-taxable","12":"purchasable","13":"product-type-simple"},"yoast_head":"<!-- This site is optimized with the Yoast SEO plugin v27.5 - https:\/\/yoast.com\/product\/yoast-seo-wordpress\/ -->\n<title>Pack Regal Gurmet ECO Oli d&#039;Oliva Verge Extra Ecol\u00f2gic ESSENCE, Caviar de Vinagre Bals\u00e0mic de Pedro Xim\u00e8nez i Flor de sal del Mediterrani - L&#039;Oli Ferrer<\/title>\n<meta name=\"robots\" content=\"index, follow, max-snippet:-1, max-image-preview:large, max-video-preview:-1\" \/>\n<link rel=\"canonical\" href=\"https:\/\/www.loliferrer.com\/ca\/producto\/umami-oli-doliva-verge-extra-organic-caviar-vinagre-balsamic-pedro-ximenez-flor-sal-del-mediterrani-loli-ferrer\/\" \/>\n<meta property=\"og:locale\" content=\"ca_ES\" \/>\n<meta property=\"og:type\" content=\"article\" \/>\n<meta property=\"og:title\" content=\"Pack Regal Gurmet ECO Oli d&#039;Oliva Verge Extra Ecol\u00f2gic ESSENCE, Caviar de Vinagre Bals\u00e0mic de Pedro Xim\u00e8nez i Flor de sal del Mediterrani - L&#039;Oli Ferrer\" \/>\n<meta property=\"og:description\" content=\"Pack Regal Gourmet ECO Un estoig delicatessen combinat per a realitzar un regal perfecte als amants de la cuina ecol\u00f2gica, amb els ingredients per a fer de guarniment a plats creatius. Regala\u00b4t i regala una gastroexperiencia saludable.\" \/>\n<meta property=\"og:url\" content=\"https:\/\/www.loliferrer.com\/ca\/producto\/umami-oli-doliva-verge-extra-organic-caviar-vinagre-balsamic-pedro-ximenez-flor-sal-del-mediterrani-loli-ferrer\/\" \/>\n<meta property=\"og:site_name\" content=\"L&#039;Oli Ferrer\" \/>\n<meta property=\"article:modified_time\" content=\"2020-05-26T07:51:57+00:00\" \/>\n<meta property=\"og:image\" content=\"https:\/\/www.loliferrer.com\/wp-content\/uploads\/pack-gourmet-aove-essence-ecologico-caviar-de-vinagre-balsamico-pedro-ximenez-flor-de-sal-mediterraneo-loliferrer-scaled.jpg\" \/>\n\t<meta property=\"og:image:width\" content=\"1810\" \/>\n\t<meta property=\"og:image:height\" content=\"2560\" \/>\n\t<meta property=\"og:image:type\" content=\"image\/jpeg\" \/>\n<meta name=\"twitter:card\" content=\"summary_large_image\" \/>\n<meta name=\"twitter:label1\" content=\"Temps estimat de lectura\" \/>\n\t<meta name=\"twitter:data1\" content=\"3 minuts\" \/>\n<script type=\"application\/ld+json\" class=\"yoast-schema-graph\">{\"@context\":\"https:\\\/\\\/schema.org\",\"@graph\":[{\"@type\":\"WebPage\",\"@id\":\"https:\\\/\\\/www.loliferrer.com\\\/ca\\\/producto\\\/umami-oli-doliva-verge-extra-organic-caviar-vinagre-balsamic-pedro-ximenez-flor-sal-del-mediterrani-loli-ferrer\\\/\",\"url\":\"https:\\\/\\\/www.loliferrer.com\\\/ca\\\/producto\\\/umami-oli-doliva-verge-extra-organic-caviar-vinagre-balsamic-pedro-ximenez-flor-sal-del-mediterrani-loli-ferrer\\\/\",\"name\":\"Pack Regal Gurmet ECO Oli d'Oliva Verge Extra Ecol\u00f2gic ESSENCE, Caviar de Vinagre Bals\u00e0mic de Pedro Xim\u00e8nez i Flor de sal del Mediterrani - L'Oli Ferrer\",\"isPartOf\":{\"@id\":\"https:\\\/\\\/www.loliferrer.com\\\/ca\\\/#website\"},\"primaryImageOfPage\":{\"@id\":\"https:\\\/\\\/www.loliferrer.com\\\/ca\\\/producto\\\/umami-oli-doliva-verge-extra-organic-caviar-vinagre-balsamic-pedro-ximenez-flor-sal-del-mediterrani-loli-ferrer\\\/#primaryimage\"},\"image\":{\"@id\":\"https:\\\/\\\/www.loliferrer.com\\\/ca\\\/producto\\\/umami-oli-doliva-verge-extra-organic-caviar-vinagre-balsamic-pedro-ximenez-flor-sal-del-mediterrani-loli-ferrer\\\/#primaryimage\"},\"thumbnailUrl\":\"https:\\\/\\\/www.loliferrer.com\\\/wp-content\\\/uploads\\\/pack-gourmet-aove-essence-ecologico-caviar-de-vinagre-balsamico-pedro-ximenez-flor-de-sal-mediterraneo-loliferrer-scaled.jpg\",\"datePublished\":\"2015-12-18T10:47:01+00:00\",\"dateModified\":\"2020-05-26T07:51:57+00:00\",\"breadcrumb\":{\"@id\":\"https:\\\/\\\/www.loliferrer.com\\\/ca\\\/producto\\\/umami-oli-doliva-verge-extra-organic-caviar-vinagre-balsamic-pedro-ximenez-flor-sal-del-mediterrani-loli-ferrer\\\/#breadcrumb\"},\"inLanguage\":\"ca\",\"potentialAction\":[{\"@type\":\"ReadAction\",\"target\":[\"https:\\\/\\\/www.loliferrer.com\\\/ca\\\/producto\\\/umami-oli-doliva-verge-extra-organic-caviar-vinagre-balsamic-pedro-ximenez-flor-sal-del-mediterrani-loli-ferrer\\\/\"]}]},{\"@type\":\"ImageObject\",\"inLanguage\":\"ca\",\"@id\":\"https:\\\/\\\/www.loliferrer.com\\\/ca\\\/producto\\\/umami-oli-doliva-verge-extra-organic-caviar-vinagre-balsamic-pedro-ximenez-flor-sal-del-mediterrani-loli-ferrer\\\/#primaryimage\",\"url\":\"https:\\\/\\\/www.loliferrer.com\\\/wp-content\\\/uploads\\\/pack-gourmet-aove-essence-ecologico-caviar-de-vinagre-balsamico-pedro-ximenez-flor-de-sal-mediterraneo-loliferrer-scaled.jpg\",\"contentUrl\":\"https:\\\/\\\/www.loliferrer.com\\\/wp-content\\\/uploads\\\/pack-gourmet-aove-essence-ecologico-caviar-de-vinagre-balsamico-pedro-ximenez-flor-de-sal-mediterraneo-loliferrer-scaled.jpg\",\"width\":1810,\"height\":2560},{\"@type\":\"BreadcrumbList\",\"@id\":\"https:\\\/\\\/www.loliferrer.com\\\/ca\\\/producto\\\/umami-oli-doliva-verge-extra-organic-caviar-vinagre-balsamic-pedro-ximenez-flor-sal-del-mediterrani-loli-ferrer\\\/#breadcrumb\",\"itemListElement\":[{\"@type\":\"ListItem\",\"position\":1,\"name\":\"Portada\",\"item\":\"https:\\\/\\\/www.loliferrer.com\\\/ca\\\/\"},{\"@type\":\"ListItem\",\"position\":2,\"name\":\"Productes gourmet ecol\u00f2gics\",\"item\":\"https:\\\/\\\/www.loliferrer.com\\\/ca\\\/productes-gourmet-ecologics\\\/\"},{\"@type\":\"ListItem\",\"position\":3,\"name\":\"Pack Regal Gurmet ECO Oli d&#8217;Oliva Verge Extra Ecol\u00f2gic ESSENCE, Caviar de Vinagre Bals\u00e0mic de Pedro Xim\u00e8nez i Flor de sal del Mediterrani\"}]},{\"@type\":\"WebSite\",\"@id\":\"https:\\\/\\\/www.loliferrer.com\\\/ca\\\/#website\",\"url\":\"https:\\\/\\\/www.loliferrer.com\\\/ca\\\/\",\"name\":\"L'Oli Ferrer\",\"description\":\"Tienda Online de Productos Gourmet\",\"publisher\":{\"@id\":\"https:\\\/\\\/www.loliferrer.com\\\/ca\\\/#organization\"},\"potentialAction\":[{\"@type\":\"SearchAction\",\"target\":{\"@type\":\"EntryPoint\",\"urlTemplate\":\"https:\\\/\\\/www.loliferrer.com\\\/ca\\\/?s={search_term_string}\"},\"query-input\":{\"@type\":\"PropertyValueSpecification\",\"valueRequired\":true,\"valueName\":\"search_term_string\"}}],\"inLanguage\":\"ca\"},{\"@type\":\"Organization\",\"@id\":\"https:\\\/\\\/www.loliferrer.com\\\/ca\\\/#organization\",\"name\":\"L'oli Ferrer\",\"url\":\"https:\\\/\\\/www.loliferrer.com\\\/ca\\\/\",\"logo\":{\"@type\":\"ImageObject\",\"inLanguage\":\"ca\",\"@id\":\"https:\\\/\\\/www.loliferrer.com\\\/ca\\\/#\\\/schema\\\/logo\\\/image\\\/\",\"url\":\"https:\\\/\\\/www.loliferrer.com\\\/wp-content\\\/uploads\\\/logo-catavins-loliferrer-2018.png\",\"contentUrl\":\"https:\\\/\\\/www.loliferrer.com\\\/wp-content\\\/uploads\\\/logo-catavins-loliferrer-2018.png\",\"width\":302,\"height\":123,\"caption\":\"L'oli Ferrer\"},\"image\":{\"@id\":\"https:\\\/\\\/www.loliferrer.com\\\/ca\\\/#\\\/schema\\\/logo\\\/image\\\/\"}}]}<\/script>\n<!-- \/ Yoast SEO plugin. -->","yoast_head_json":{"title":"Pack Regal Gurmet ECO Oli d'Oliva Verge Extra Ecol\u00f2gic ESSENCE, Caviar de Vinagre Bals\u00e0mic de Pedro Xim\u00e8nez i Flor de sal del Mediterrani - L'Oli Ferrer","robots":{"index":"index","follow":"follow","max-snippet":"max-snippet:-1","max-image-preview":"max-image-preview:large","max-video-preview":"max-video-preview:-1"},"canonical":"https:\/\/www.loliferrer.com\/ca\/producto\/umami-oli-doliva-verge-extra-organic-caviar-vinagre-balsamic-pedro-ximenez-flor-sal-del-mediterrani-loli-ferrer\/","og_locale":"ca_ES","og_type":"article","og_title":"Pack Regal Gurmet ECO Oli d'Oliva Verge Extra Ecol\u00f2gic ESSENCE, Caviar de Vinagre Bals\u00e0mic de Pedro Xim\u00e8nez i Flor de sal del Mediterrani - L'Oli Ferrer","og_description":"Pack Regal Gourmet ECO Un estoig delicatessen combinat per a realitzar un regal perfecte als amants de la cuina ecol\u00f2gica, amb els ingredients per a fer de guarniment a plats creatius. Regala\u00b4t i regala una gastroexperiencia saludable.","og_url":"https:\/\/www.loliferrer.com\/ca\/producto\/umami-oli-doliva-verge-extra-organic-caviar-vinagre-balsamic-pedro-ximenez-flor-sal-del-mediterrani-loli-ferrer\/","og_site_name":"L'Oli Ferrer","article_modified_time":"2020-05-26T07:51:57+00:00","og_image":[{"width":1810,"height":2560,"url":"https:\/\/www.loliferrer.com\/wp-content\/uploads\/pack-gourmet-aove-essence-ecologico-caviar-de-vinagre-balsamico-pedro-ximenez-flor-de-sal-mediterraneo-loliferrer-scaled.jpg","type":"image\/jpeg"}],"twitter_card":"summary_large_image","twitter_misc":{"Temps estimat de lectura":"3 minuts"},"schema":{"@context":"https:\/\/schema.org","@graph":[{"@type":"WebPage","@id":"https:\/\/www.loliferrer.com\/ca\/producto\/umami-oli-doliva-verge-extra-organic-caviar-vinagre-balsamic-pedro-ximenez-flor-sal-del-mediterrani-loli-ferrer\/","url":"https:\/\/www.loliferrer.com\/ca\/producto\/umami-oli-doliva-verge-extra-organic-caviar-vinagre-balsamic-pedro-ximenez-flor-sal-del-mediterrani-loli-ferrer\/","name":"Pack Regal Gurmet ECO Oli d'Oliva Verge Extra Ecol\u00f2gic ESSENCE, Caviar de Vinagre Bals\u00e0mic de Pedro Xim\u00e8nez i Flor de sal del Mediterrani - L'Oli Ferrer","isPartOf":{"@id":"https:\/\/www.loliferrer.com\/ca\/#website"},"primaryImageOfPage":{"@id":"https:\/\/www.loliferrer.com\/ca\/producto\/umami-oli-doliva-verge-extra-organic-caviar-vinagre-balsamic-pedro-ximenez-flor-sal-del-mediterrani-loli-ferrer\/#primaryimage"},"image":{"@id":"https:\/\/www.loliferrer.com\/ca\/producto\/umami-oli-doliva-verge-extra-organic-caviar-vinagre-balsamic-pedro-ximenez-flor-sal-del-mediterrani-loli-ferrer\/#primaryimage"},"thumbnailUrl":"https:\/\/www.loliferrer.com\/wp-content\/uploads\/pack-gourmet-aove-essence-ecologico-caviar-de-vinagre-balsamico-pedro-ximenez-flor-de-sal-mediterraneo-loliferrer-scaled.jpg","datePublished":"2015-12-18T10:47:01+00:00","dateModified":"2020-05-26T07:51:57+00:00","breadcrumb":{"@id":"https:\/\/www.loliferrer.com\/ca\/producto\/umami-oli-doliva-verge-extra-organic-caviar-vinagre-balsamic-pedro-ximenez-flor-sal-del-mediterrani-loli-ferrer\/#breadcrumb"},"inLanguage":"ca","potentialAction":[{"@type":"ReadAction","target":["https:\/\/www.loliferrer.com\/ca\/producto\/umami-oli-doliva-verge-extra-organic-caviar-vinagre-balsamic-pedro-ximenez-flor-sal-del-mediterrani-loli-ferrer\/"]}]},{"@type":"ImageObject","inLanguage":"ca","@id":"https:\/\/www.loliferrer.com\/ca\/producto\/umami-oli-doliva-verge-extra-organic-caviar-vinagre-balsamic-pedro-ximenez-flor-sal-del-mediterrani-loli-ferrer\/#primaryimage","url":"https:\/\/www.loliferrer.com\/wp-content\/uploads\/pack-gourmet-aove-essence-ecologico-caviar-de-vinagre-balsamico-pedro-ximenez-flor-de-sal-mediterraneo-loliferrer-scaled.jpg","contentUrl":"https:\/\/www.loliferrer.com\/wp-content\/uploads\/pack-gourmet-aove-essence-ecologico-caviar-de-vinagre-balsamico-pedro-ximenez-flor-de-sal-mediterraneo-loliferrer-scaled.jpg","width":1810,"height":2560},{"@type":"BreadcrumbList","@id":"https:\/\/www.loliferrer.com\/ca\/producto\/umami-oli-doliva-verge-extra-organic-caviar-vinagre-balsamic-pedro-ximenez-flor-sal-del-mediterrani-loli-ferrer\/#breadcrumb","itemListElement":[{"@type":"ListItem","position":1,"name":"Portada","item":"https:\/\/www.loliferrer.com\/ca\/"},{"@type":"ListItem","position":2,"name":"Productes gourmet ecol\u00f2gics","item":"https:\/\/www.loliferrer.com\/ca\/productes-gourmet-ecologics\/"},{"@type":"ListItem","position":3,"name":"Pack Regal Gurmet ECO Oli d&#8217;Oliva Verge Extra Ecol\u00f2gic ESSENCE, Caviar de Vinagre Bals\u00e0mic de Pedro Xim\u00e8nez i Flor de sal del Mediterrani"}]},{"@type":"WebSite","@id":"https:\/\/www.loliferrer.com\/ca\/#website","url":"https:\/\/www.loliferrer.com\/ca\/","name":"L'Oli Ferrer","description":"Tienda Online de Productos Gourmet","publisher":{"@id":"https:\/\/www.loliferrer.com\/ca\/#organization"},"potentialAction":[{"@type":"SearchAction","target":{"@type":"EntryPoint","urlTemplate":"https:\/\/www.loliferrer.com\/ca\/?s={search_term_string}"},"query-input":{"@type":"PropertyValueSpecification","valueRequired":true,"valueName":"search_term_string"}}],"inLanguage":"ca"},{"@type":"Organization","@id":"https:\/\/www.loliferrer.com\/ca\/#organization","name":"L'oli Ferrer","url":"https:\/\/www.loliferrer.com\/ca\/","logo":{"@type":"ImageObject","inLanguage":"ca","@id":"https:\/\/www.loliferrer.com\/ca\/#\/schema\/logo\/image\/","url":"https:\/\/www.loliferrer.com\/wp-content\/uploads\/logo-catavins-loliferrer-2018.png","contentUrl":"https:\/\/www.loliferrer.com\/wp-content\/uploads\/logo-catavins-loliferrer-2018.png","width":302,"height":123,"caption":"L'oli Ferrer"},"image":{"@id":"https:\/\/www.loliferrer.com\/ca\/#\/schema\/logo\/image\/"}}]}},"_links":{"self":[{"href":"https:\/\/www.loliferrer.com\/ca\/wp-json\/wp\/v2\/product\/1386","targetHints":{"allow":["GET"]}}],"collection":[{"href":"https:\/\/www.loliferrer.com\/ca\/wp-json\/wp\/v2\/product"}],"about":[{"href":"https:\/\/www.loliferrer.com\/ca\/wp-json\/wp\/v2\/types\/product"}],"replies":[{"embeddable":true,"href":"https:\/\/www.loliferrer.com\/ca\/wp-json\/wp\/v2\/comments?post=1386"}],"wp:featuredmedia":[{"embeddable":true,"href":"https:\/\/www.loliferrer.com\/ca\/wp-json\/wp\/v2\/media\/4336"}],"wp:attachment":[{"href":"https:\/\/www.loliferrer.com\/ca\/wp-json\/wp\/v2\/media?parent=1386"}],"wp:term":[{"taxonomy":"product_brand","embeddable":true,"href":"https:\/\/www.loliferrer.com\/ca\/wp-json\/wp\/v2\/product_brand?post=1386"},{"taxonomy":"product_cat","embeddable":true,"href":"https:\/\/www.loliferrer.com\/ca\/wp-json\/wp\/v2\/product_cat?post=1386"},{"taxonomy":"product_tag","embeddable":true,"href":"https:\/\/www.loliferrer.com\/ca\/wp-json\/wp\/v2\/product_tag?post=1386"}],"curies":[{"name":"wp","href":"https:\/\/api.w.org\/{rel}","templated":true}]}}