{"id":1282,"date":"2015-12-17T13:27:04","date_gmt":"2015-12-17T12:27:04","guid":{"rendered":"https:\/\/www.loliferrer.com\/ca\/?post_type=product&#038;p=1282"},"modified":"2020-06-03T11:46:17","modified_gmt":"2020-06-03T09:46:17","slug":"vinagre-organic-de-pedro-ximenez","status":"publish","type":"product","link":"https:\/\/www.loliferrer.com\/ca\/producto\/vinagre-organic-de-pedro-ximenez\/","title":{"rendered":"Estoig de Vinagre Org\u00e0nic Bals\u00e0mic de Pedro Xim\u00e8nez Gourmet"},"content":{"rendered":"<h2><strong>Elaboraci\u00f3 del Vinagre de Reserva Org\u00e0nic Bals\u00e0mic de Pedro Xim\u00e8nez<\/strong><\/h2>\n<p>El ra\u00efm de Pedro Xim\u00e8nez amb el que elaborarem el vinagre es pansifica mitjan\u00e7ant el proc\u00e9s artesanal de pansificaci\u00f3, on s&#8217;aconsegueix la concentraci\u00f3 de sucres i la deshidrataci\u00f3 del ra\u00efm pansa.<\/p>\n<p>Per obtenir el <strong>vinagre bals\u00e0mic org\u00e0nic de Pedro Xim\u00e8nez<\/strong>, utilitzem vins fins de gran qualitat ecol\u00f2gics 100% de Pedro Xim\u00e8nez, envellits en fusta i de l&#8217;aplicaci\u00f3 del most redu\u00eft del ra\u00efm ecol\u00f2gic, que s&#8217;obt\u00e9 mitjan\u00e7ant un m\u00e8tode artesanal que consisteix en l&#8217;aplicaci\u00f3 de calor a foc lent.<\/p>\n<p>El vinagre bals\u00e0mic de Pedro Xim\u00e8nez l&#8217;Oli Ferrer posteriorment se sotmet a una crian\u00e7a en b\u00f3tes de roure americ\u00e0 de Xer\u00e8s pel sistema de &#8220;Criaderas i Soleras&#8221;, i que li aportar\u00e0 al vinagre notes pr\u00f2pies de la b\u00f3ta de fusta com els torrats, el resultat \u00e9s un vinagre gourmet sense sucres afegits de qualitat excepcional.<\/p>\n<p>El vinagre org\u00e0nic bals\u00e0mic de Pedro Xim\u00e8nez l&#8217;Oli Ferrer \u00e9s un <strong>vinagre gourmet de reserva<\/strong>\u00a0que ens mostra les aromes de la varietat de PX com el codony, la mel i les panses i de la crian\u00e7a en les b\u00f3tes de roure. Podem dir que cadascun dels nostres vinagres t\u00e9 personalitat pr\u00f2pia, i en el vinagre org\u00e0nic presentat en una ampolla de disseny, destaquem la seva harmonia entre la dol\u00e7or natural i l&#8217;acidesa i gran expressi\u00f3 organol\u00e8ptica.<\/p>\n<p>Disponible a la nostra botiga gourmet online en estoig blanc de vinagre per a regal en format de 200 ml. amb escuma interior i mesures 15 * 20 * 5,5 cm i format de 100 ml. amb ampolla de vidre transparent i vermella i estoig tipus perfum vermell de mesures 10,5 * 14,5 * 4 cm.<\/p>\n<p><strong>Propietats del vinagre org\u00e0nic bals\u00e0mic L&#8217;Oli Ferrer<\/strong><\/p>\n<p>T\u00e9 un contingut elevat de polifenols, minerals i antioxidants, aix\u00ed com vitamines, i destaquem que no cont\u00e9 sucre afegits, greixos, ni sal.<\/p>\n<p><strong>Vinagre ecol\u00f2gic certificat per l&#8217;organisme CCPAE\u00a0<\/strong><\/p>\n<p>El Consell Catal\u00e0 de Producci\u00f3 Agr\u00e0ria Ecol\u00f2gica certifica que el nostre vinagre bals\u00e0mic procedeix 100% d&#8217;Agricultura ecol\u00f2gica.<\/p>\n","protected":false},"excerpt":{"rendered":"<h2><strong>Vinagre Gourmet Bals\u00e0mic de Pedro Xim\u00e8nez en estoig per regalar<\/strong><\/h2>\n<p>Estoig regal de vinagre gourmet bals\u00e0mic de Pedro Xim\u00e8nez. Un elegant estoig per presentar el nostre <strong>vinagre org\u00e0nic de reserva<\/strong> de qualitat excepcional, elaborat amb ra\u00efms seleccionats 100% ecol\u00f2gics de la varietat de Pedro Xim\u00e8nez, sense utilitzar productes de s\u00edntesi qu\u00edmica i amb un respecte m\u00e0xim a la naturalesa , sense sucres afegits i amb una acidesa aproximada de 5\u00ba.<\/p>\n","protected":false},"featured_media":1281,"comment_status":"closed","ping_status":"closed","template":"","meta":[],"product_brand":[],"product_cat":[135],"product_tag":[],"class_list":{"0":"post-1282","1":"product","2":"type-product","3":"status-publish","4":"has-post-thumbnail","6":"product_cat-packs-regal-gourmet","8":"first","9":"instock","10":"taxable","11":"shipping-taxable","12":"purchasable","13":"product-type-simple"},"yoast_head":"<!-- This site is optimized with the Yoast SEO plugin v27.5 - https:\/\/yoast.com\/product\/yoast-seo-wordpress\/ -->\n<title>Estoig de Vinagre Org\u00e0nic Bals\u00e0mic de Pedro Xim\u00e8nez Gourmet - L&#039;Oli Ferrer<\/title>\n<meta name=\"robots\" content=\"index, follow, max-snippet:-1, max-image-preview:large, max-video-preview:-1\" \/>\n<link rel=\"canonical\" href=\"https:\/\/www.loliferrer.com\/ca\/producto\/vinagre-organic-de-pedro-ximenez\/\" \/>\n<meta property=\"og:locale\" content=\"ca_ES\" \/>\n<meta property=\"og:type\" content=\"article\" \/>\n<meta property=\"og:title\" content=\"Estoig de Vinagre Org\u00e0nic Bals\u00e0mic de Pedro Xim\u00e8nez Gourmet - L&#039;Oli Ferrer\" \/>\n<meta property=\"og:description\" content=\"Vinagre Gourmet Bals\u00e0mic de Pedro Xim\u00e8nez en estoig per regalar Estoig regal de vinagre gourmet bals\u00e0mic de Pedro Xim\u00e8nez. Un elegant estoig per presentar el nostre vinagre org\u00e0nic de reserva de qualitat excepcional, elaborat amb ra\u00efms seleccionats 100% ecol\u00f2gics de la varietat de Pedro Xim\u00e8nez, sense utilitzar productes de s\u00edntesi qu\u00edmica i amb un respecte m\u00e0xim a la naturalesa , sense sucres afegits i amb una acidesa aproximada de 5\u00ba.\" \/>\n<meta property=\"og:url\" content=\"https:\/\/www.loliferrer.com\/ca\/producto\/vinagre-organic-de-pedro-ximenez\/\" \/>\n<meta property=\"og:site_name\" content=\"L&#039;Oli Ferrer\" \/>\n<meta property=\"article:modified_time\" content=\"2020-06-03T09:46:17+00:00\" \/>\n<meta property=\"og:image\" content=\"https:\/\/www.loliferrer.com\/wp-content\/uploads\/packsregalotienda_ok3.jpg\" \/>\n\t<meta property=\"og:image:width\" content=\"2280\" \/>\n\t<meta property=\"og:image:height\" content=\"3425\" \/>\n\t<meta property=\"og:image:type\" content=\"image\/jpeg\" \/>\n<meta name=\"twitter:card\" content=\"summary_large_image\" \/>\n<meta name=\"twitter:label1\" content=\"Temps estimat de lectura\" \/>\n\t<meta name=\"twitter:data1\" content=\"2 minuts\" \/>\n<script type=\"application\/ld+json\" class=\"yoast-schema-graph\">{\"@context\":\"https:\\\/\\\/schema.org\",\"@graph\":[{\"@type\":\"WebPage\",\"@id\":\"https:\\\/\\\/www.loliferrer.com\\\/ca\\\/producto\\\/vinagre-organic-de-pedro-ximenez\\\/\",\"url\":\"https:\\\/\\\/www.loliferrer.com\\\/ca\\\/producto\\\/vinagre-organic-de-pedro-ximenez\\\/\",\"name\":\"Estoig de Vinagre Org\u00e0nic Bals\u00e0mic de Pedro Xim\u00e8nez Gourmet - L'Oli Ferrer\",\"isPartOf\":{\"@id\":\"https:\\\/\\\/www.loliferrer.com\\\/ca\\\/#website\"},\"primaryImageOfPage\":{\"@id\":\"https:\\\/\\\/www.loliferrer.com\\\/ca\\\/producto\\\/vinagre-organic-de-pedro-ximenez\\\/#primaryimage\"},\"image\":{\"@id\":\"https:\\\/\\\/www.loliferrer.com\\\/ca\\\/producto\\\/vinagre-organic-de-pedro-ximenez\\\/#primaryimage\"},\"thumbnailUrl\":\"https:\\\/\\\/www.loliferrer.com\\\/wp-content\\\/uploads\\\/packsregalotienda_ok3.jpg\",\"datePublished\":\"2015-12-17T12:27:04+00:00\",\"dateModified\":\"2020-06-03T09:46:17+00:00\",\"breadcrumb\":{\"@id\":\"https:\\\/\\\/www.loliferrer.com\\\/ca\\\/producto\\\/vinagre-organic-de-pedro-ximenez\\\/#breadcrumb\"},\"inLanguage\":\"ca\",\"potentialAction\":[{\"@type\":\"ReadAction\",\"target\":[\"https:\\\/\\\/www.loliferrer.com\\\/ca\\\/producto\\\/vinagre-organic-de-pedro-ximenez\\\/\"]}]},{\"@type\":\"ImageObject\",\"inLanguage\":\"ca\",\"@id\":\"https:\\\/\\\/www.loliferrer.com\\\/ca\\\/producto\\\/vinagre-organic-de-pedro-ximenez\\\/#primaryimage\",\"url\":\"https:\\\/\\\/www.loliferrer.com\\\/wp-content\\\/uploads\\\/packsregalotienda_ok3.jpg\",\"contentUrl\":\"https:\\\/\\\/www.loliferrer.com\\\/wp-content\\\/uploads\\\/packsregalotienda_ok3.jpg\",\"width\":2280,\"height\":3425,\"caption\":\"pack regalo de vinagre bals\u00e1mico gourmet\"},{\"@type\":\"BreadcrumbList\",\"@id\":\"https:\\\/\\\/www.loliferrer.com\\\/ca\\\/producto\\\/vinagre-organic-de-pedro-ximenez\\\/#breadcrumb\",\"itemListElement\":[{\"@type\":\"ListItem\",\"position\":1,\"name\":\"Portada\",\"item\":\"https:\\\/\\\/www.loliferrer.com\\\/ca\\\/\"},{\"@type\":\"ListItem\",\"position\":2,\"name\":\"Productes gourmet ecol\u00f2gics\",\"item\":\"https:\\\/\\\/www.loliferrer.com\\\/ca\\\/productes-gourmet-ecologics\\\/\"},{\"@type\":\"ListItem\",\"position\":3,\"name\":\"Estoig de Vinagre Org\u00e0nic Bals\u00e0mic de Pedro Xim\u00e8nez Gourmet\"}]},{\"@type\":\"WebSite\",\"@id\":\"https:\\\/\\\/www.loliferrer.com\\\/ca\\\/#website\",\"url\":\"https:\\\/\\\/www.loliferrer.com\\\/ca\\\/\",\"name\":\"L'Oli Ferrer\",\"description\":\"Tienda Online de Productos Gourmet\",\"publisher\":{\"@id\":\"https:\\\/\\\/www.loliferrer.com\\\/ca\\\/#organization\"},\"potentialAction\":[{\"@type\":\"SearchAction\",\"target\":{\"@type\":\"EntryPoint\",\"urlTemplate\":\"https:\\\/\\\/www.loliferrer.com\\\/ca\\\/?s={search_term_string}\"},\"query-input\":{\"@type\":\"PropertyValueSpecification\",\"valueRequired\":true,\"valueName\":\"search_term_string\"}}],\"inLanguage\":\"ca\"},{\"@type\":\"Organization\",\"@id\":\"https:\\\/\\\/www.loliferrer.com\\\/ca\\\/#organization\",\"name\":\"L'oli Ferrer\",\"url\":\"https:\\\/\\\/www.loliferrer.com\\\/ca\\\/\",\"logo\":{\"@type\":\"ImageObject\",\"inLanguage\":\"ca\",\"@id\":\"https:\\\/\\\/www.loliferrer.com\\\/ca\\\/#\\\/schema\\\/logo\\\/image\\\/\",\"url\":\"https:\\\/\\\/www.loliferrer.com\\\/wp-content\\\/uploads\\\/logo-catavins-loliferrer-2018.png\",\"contentUrl\":\"https:\\\/\\\/www.loliferrer.com\\\/wp-content\\\/uploads\\\/logo-catavins-loliferrer-2018.png\",\"width\":302,\"height\":123,\"caption\":\"L'oli Ferrer\"},\"image\":{\"@id\":\"https:\\\/\\\/www.loliferrer.com\\\/ca\\\/#\\\/schema\\\/logo\\\/image\\\/\"}}]}<\/script>\n<!-- \/ Yoast SEO plugin. -->","yoast_head_json":{"title":"Estoig de Vinagre Org\u00e0nic Bals\u00e0mic de Pedro Xim\u00e8nez Gourmet - L'Oli Ferrer","robots":{"index":"index","follow":"follow","max-snippet":"max-snippet:-1","max-image-preview":"max-image-preview:large","max-video-preview":"max-video-preview:-1"},"canonical":"https:\/\/www.loliferrer.com\/ca\/producto\/vinagre-organic-de-pedro-ximenez\/","og_locale":"ca_ES","og_type":"article","og_title":"Estoig de Vinagre Org\u00e0nic Bals\u00e0mic de Pedro Xim\u00e8nez Gourmet - L'Oli Ferrer","og_description":"Vinagre Gourmet Bals\u00e0mic de Pedro Xim\u00e8nez en estoig per regalar Estoig regal de vinagre gourmet bals\u00e0mic de Pedro Xim\u00e8nez. Un elegant estoig per presentar el nostre vinagre org\u00e0nic de reserva de qualitat excepcional, elaborat amb ra\u00efms seleccionats 100% ecol\u00f2gics de la varietat de Pedro Xim\u00e8nez, sense utilitzar productes de s\u00edntesi qu\u00edmica i amb un respecte m\u00e0xim a la naturalesa , sense sucres afegits i amb una acidesa aproximada de 5\u00ba.","og_url":"https:\/\/www.loliferrer.com\/ca\/producto\/vinagre-organic-de-pedro-ximenez\/","og_site_name":"L'Oli Ferrer","article_modified_time":"2020-06-03T09:46:17+00:00","og_image":[{"width":2280,"height":3425,"url":"https:\/\/www.loliferrer.com\/wp-content\/uploads\/packsregalotienda_ok3.jpg","type":"image\/jpeg"}],"twitter_card":"summary_large_image","twitter_misc":{"Temps estimat de lectura":"2 minuts"},"schema":{"@context":"https:\/\/schema.org","@graph":[{"@type":"WebPage","@id":"https:\/\/www.loliferrer.com\/ca\/producto\/vinagre-organic-de-pedro-ximenez\/","url":"https:\/\/www.loliferrer.com\/ca\/producto\/vinagre-organic-de-pedro-ximenez\/","name":"Estoig de Vinagre Org\u00e0nic Bals\u00e0mic de Pedro Xim\u00e8nez Gourmet - L'Oli Ferrer","isPartOf":{"@id":"https:\/\/www.loliferrer.com\/ca\/#website"},"primaryImageOfPage":{"@id":"https:\/\/www.loliferrer.com\/ca\/producto\/vinagre-organic-de-pedro-ximenez\/#primaryimage"},"image":{"@id":"https:\/\/www.loliferrer.com\/ca\/producto\/vinagre-organic-de-pedro-ximenez\/#primaryimage"},"thumbnailUrl":"https:\/\/www.loliferrer.com\/wp-content\/uploads\/packsregalotienda_ok3.jpg","datePublished":"2015-12-17T12:27:04+00:00","dateModified":"2020-06-03T09:46:17+00:00","breadcrumb":{"@id":"https:\/\/www.loliferrer.com\/ca\/producto\/vinagre-organic-de-pedro-ximenez\/#breadcrumb"},"inLanguage":"ca","potentialAction":[{"@type":"ReadAction","target":["https:\/\/www.loliferrer.com\/ca\/producto\/vinagre-organic-de-pedro-ximenez\/"]}]},{"@type":"ImageObject","inLanguage":"ca","@id":"https:\/\/www.loliferrer.com\/ca\/producto\/vinagre-organic-de-pedro-ximenez\/#primaryimage","url":"https:\/\/www.loliferrer.com\/wp-content\/uploads\/packsregalotienda_ok3.jpg","contentUrl":"https:\/\/www.loliferrer.com\/wp-content\/uploads\/packsregalotienda_ok3.jpg","width":2280,"height":3425,"caption":"pack regalo de vinagre bals\u00e1mico gourmet"},{"@type":"BreadcrumbList","@id":"https:\/\/www.loliferrer.com\/ca\/producto\/vinagre-organic-de-pedro-ximenez\/#breadcrumb","itemListElement":[{"@type":"ListItem","position":1,"name":"Portada","item":"https:\/\/www.loliferrer.com\/ca\/"},{"@type":"ListItem","position":2,"name":"Productes gourmet ecol\u00f2gics","item":"https:\/\/www.loliferrer.com\/ca\/productes-gourmet-ecologics\/"},{"@type":"ListItem","position":3,"name":"Estoig de Vinagre Org\u00e0nic Bals\u00e0mic de Pedro Xim\u00e8nez Gourmet"}]},{"@type":"WebSite","@id":"https:\/\/www.loliferrer.com\/ca\/#website","url":"https:\/\/www.loliferrer.com\/ca\/","name":"L'Oli Ferrer","description":"Tienda Online de Productos Gourmet","publisher":{"@id":"https:\/\/www.loliferrer.com\/ca\/#organization"},"potentialAction":[{"@type":"SearchAction","target":{"@type":"EntryPoint","urlTemplate":"https:\/\/www.loliferrer.com\/ca\/?s={search_term_string}"},"query-input":{"@type":"PropertyValueSpecification","valueRequired":true,"valueName":"search_term_string"}}],"inLanguage":"ca"},{"@type":"Organization","@id":"https:\/\/www.loliferrer.com\/ca\/#organization","name":"L'oli Ferrer","url":"https:\/\/www.loliferrer.com\/ca\/","logo":{"@type":"ImageObject","inLanguage":"ca","@id":"https:\/\/www.loliferrer.com\/ca\/#\/schema\/logo\/image\/","url":"https:\/\/www.loliferrer.com\/wp-content\/uploads\/logo-catavins-loliferrer-2018.png","contentUrl":"https:\/\/www.loliferrer.com\/wp-content\/uploads\/logo-catavins-loliferrer-2018.png","width":302,"height":123,"caption":"L'oli Ferrer"},"image":{"@id":"https:\/\/www.loliferrer.com\/ca\/#\/schema\/logo\/image\/"}}]}},"_links":{"self":[{"href":"https:\/\/www.loliferrer.com\/ca\/wp-json\/wp\/v2\/product\/1282","targetHints":{"allow":["GET"]}}],"collection":[{"href":"https:\/\/www.loliferrer.com\/ca\/wp-json\/wp\/v2\/product"}],"about":[{"href":"https:\/\/www.loliferrer.com\/ca\/wp-json\/wp\/v2\/types\/product"}],"replies":[{"embeddable":true,"href":"https:\/\/www.loliferrer.com\/ca\/wp-json\/wp\/v2\/comments?post=1282"}],"wp:featuredmedia":[{"embeddable":true,"href":"https:\/\/www.loliferrer.com\/ca\/wp-json\/wp\/v2\/media\/1281"}],"wp:attachment":[{"href":"https:\/\/www.loliferrer.com\/ca\/wp-json\/wp\/v2\/media?parent=1282"}],"wp:term":[{"taxonomy":"product_brand","embeddable":true,"href":"https:\/\/www.loliferrer.com\/ca\/wp-json\/wp\/v2\/product_brand?post=1282"},{"taxonomy":"product_cat","embeddable":true,"href":"https:\/\/www.loliferrer.com\/ca\/wp-json\/wp\/v2\/product_cat?post=1282"},{"taxonomy":"product_tag","embeddable":true,"href":"https:\/\/www.loliferrer.com\/ca\/wp-json\/wp\/v2\/product_tag?post=1282"}],"curies":[{"name":"wp","href":"https:\/\/api.w.org\/{rel}","templated":true}]}}