{"id":1099,"date":"2015-12-07T16:27:19","date_gmt":"2015-12-07T15:27:19","guid":{"rendered":"https:\/\/www.loliferrer.com\/ca\/producto\/vinagre-organico-de-pedro-ximenez-100-ml\/"},"modified":"2021-06-25T15:46:18","modified_gmt":"2021-06-25T13:46:18","slug":"vinagre-organico-de-pedro-ximenez-100-ml","status":"publish","type":"product","link":"https:\/\/www.loliferrer.com\/ca\/producto\/vinagre-organico-de-pedro-ximenez-100-ml\/","title":{"rendered":"Vinagre org\u00e0nic de Pedro Xim\u00e8nez"},"content":{"rendered":"<h2>Vinagre Gourmet Org\u00e0nic de Pedro Xim\u00e8nez<\/h2>\n<p>El vinagre gourmet org\u00e0nic de Pedro Xim\u00e8nez ho obtenim a partir dels vins fins d&#8217;alta qualitat de la varietat de Pedro Xim\u00e8nez ecol\u00f2gic 100% i d&#8217;aplicar la reducci\u00f3 del most del ra\u00efm BIO. La reducci\u00f3 s&#8217;obt\u00e9 d&#8217;aplicar calor a foc lent de forma totalment natural.<\/p>\n<p>El vinagre bals\u00e0mic gourmet ecol\u00f2gic ens mostrar\u00e0 aromes propis de les panses, notes meloses i un toc de c\u00edtrics. Tots els nostres vinagres tenen personalitat pr\u00f2pia i, en aquest cas podr\u00edem destacar el seu equilibri i harmonia entre la dol\u00e7or i l&#8217;acidesa.<\/p>\n<h2>Vinagre Reserva Bals\u00e0mic Gourmet<\/h2>\n<p>La crian\u00e7a del vinagre bals\u00e0mic de Pedro Xim\u00e9nez L\u2019Oli Ferrer es realitza posteriorment mitjan\u00e7ant el sistema de \u201cCriaderas i Soleras\u201d, on el vinagre se sotmet a un proc\u00e9s d&#8217;envelliment en barriques de roure americ\u00e0 de Xer\u00e8s aportant notes pr\u00f2pies de la b\u00f3ta, obtenint un <strong>vinagre reserva bals\u00e0mic gourmet<\/strong> sense sucres afegits amb la m\u00e0xima expressi\u00f3 organol\u00e8ptica.<\/p>\n<p>El nostre vinagre bals\u00e0mic org\u00e0nic de Pedro Xim\u00e8nez t\u00e9 una acidesa de 5\u00ba aproximadament.<\/p>\n<p>Destaquem algunes de les propietats i beneficis del <strong>vinagre bals\u00e0mic org\u00e0nic de Pedro Xim\u00e8nez L\u2019Oli Ferrer<\/strong>, ja que al ser un producte derivat 100% de ra\u00efm ecol\u00f2gic t\u00e9 un alt contingut en polifenols, antioxidants naturals, minerals i vitamines. Ressaltem com a propietats el no contenir sucres afegits, ni sal i no contenir greix.<\/p>\n<p>Tamb\u00e9 pots llegir m\u00e9s sobre les propietats en el nostre post.<\/p>\n<p><strong>Per a qu\u00e8 es bo el vinagre bals\u00e0mic?<\/strong><\/p>\n<h2>Vinagre ecol\u00f2gic certificat pel organisme CCPAE<\/h2>\n<p>El Consell Catal\u00e0 de Producci\u00f3 Agr\u00e0ria Ecol\u00f2gica) certifica que el nostre <strong>Vinagre Gourmet Ecol\u00f2gi<\/strong>c \u00e9s procedent 100% d&#8217;Agricultura ecol\u00f2gica.<\/p>\n<p><em>Disponible a la nostra botiga online gourmet en ampolla exclusiva de vidre en formats de 200 ml i 100 ml. i en <a href=\"https:\/\/www.loliferrer.com\/ca\/producte\/packs-regal-gourmet\/vinagre-organic-de-pedro-ximenez\/\"><strong>estoig de vinagre per a regal<\/strong><\/a>. Tamb\u00e9 poden trobar diferents opcions de <a href=\"https:\/\/www.loliferrer.com\/ca\/categoria-producte\/packs-regal-gourmet\/\"><strong>packs regal Gourmet<\/strong><\/a> combinats amb la gamma de <strong>productes gourmet ecol\u00f3gics<\/strong> L\u2019Oli Ferrer.<\/em><\/p>\n<p>&nbsp;<\/p>\n<p>&nbsp;<\/p>\n","protected":false},"excerpt":{"rendered":"<h2>Vinagre Gourmet Bals\u00e0mic de Pedro Xim\u00e8nez<\/h2>\n<p>Vinagre gourmet bals\u00e0mic de Pedro Xim\u00e9nez org\u00e0nic de qualitat excepcional elaborat a partir la selecci\u00f3 del millor <strong>ra\u00efm 100% ecol\u00f2gic<\/strong> de la varietat <strong>de Pedro Xim\u00e9nez<\/strong> de cada collita, respectant la naturalesa i sense utilitzar productes de s\u00edntesi qu\u00edmica. El ra\u00efm es pansifica al sol de manera artesanal, mitjan\u00e7ant el proc\u00e9s \u201casoleo\u201d de deshidrataci\u00f3 en les paseras, quedant nom\u00e9s la concentraci\u00f3 de sucres en la pansa.<\/p>\n","protected":false},"featured_media":1070,"comment_status":"open","ping_status":"closed","template":"","meta":[],"product_brand":[],"product_cat":[150],"product_tag":[],"class_list":{"0":"post-1099","1":"product","2":"type-product","3":"status-publish","4":"has-post-thumbnail","6":"product_cat-vinagre-balsamic-organic-gourmet","8":"first","9":"instock","10":"taxable","11":"shipping-taxable","12":"purchasable","13":"product-type-variable"},"yoast_head":"<!-- This site is optimized with the Yoast SEO plugin v27.5 - https:\/\/yoast.com\/product\/yoast-seo-wordpress\/ -->\n<title>Vinagre org\u00e0nic de Pedro Xim\u00e8nez - L&#039;Oli Ferrer<\/title>\n<meta name=\"robots\" content=\"index, follow, max-snippet:-1, max-image-preview:large, max-video-preview:-1\" \/>\n<link rel=\"canonical\" href=\"https:\/\/www.loliferrer.com\/ca\/producto\/vinagre-organico-de-pedro-ximenez-100-ml\/\" \/>\n<meta property=\"og:locale\" content=\"ca_ES\" \/>\n<meta property=\"og:type\" content=\"article\" \/>\n<meta property=\"og:title\" content=\"Vinagre org\u00e0nic de Pedro Xim\u00e8nez - L&#039;Oli Ferrer\" \/>\n<meta property=\"og:description\" content=\"Vinagre Gourmet Bals\u00e0mic de Pedro Xim\u00e8nez Vinagre gourmet bals\u00e0mic de Pedro Xim\u00e9nez org\u00e0nic de qualitat excepcional elaborat a partir la selecci\u00f3 del millor ra\u00efm 100% ecol\u00f2gic de la varietat de Pedro Xim\u00e9nez de cada collita, respectant la naturalesa i sense utilitzar productes de s\u00edntesi qu\u00edmica. El ra\u00efm es pansifica al sol de manera artesanal, mitjan\u00e7ant el proc\u00e9s \u201casoleo\u201d de deshidrataci\u00f3 en les paseras, quedant nom\u00e9s la concentraci\u00f3 de sucres en la pansa.\" \/>\n<meta property=\"og:url\" content=\"https:\/\/www.loliferrer.com\/ca\/producto\/vinagre-organico-de-pedro-ximenez-100-ml\/\" \/>\n<meta property=\"og:site_name\" content=\"L&#039;Oli Ferrer\" \/>\n<meta property=\"article:modified_time\" content=\"2021-06-25T13:46:18+00:00\" \/>\n<meta property=\"og:image\" content=\"https:\/\/www.loliferrer.com\/wp-content\/uploads\/tienda-seleccio-gourmet-vinagre-organico-pedro-ximenez-loli-ferrer-catavins.jpg\" \/>\n\t<meta property=\"og:image:width\" content=\"548\" \/>\n\t<meta property=\"og:image:height\" content=\"821\" \/>\n\t<meta property=\"og:image:type\" content=\"image\/jpeg\" \/>\n<meta name=\"twitter:card\" content=\"summary_large_image\" \/>\n<meta name=\"twitter:label1\" content=\"Temps estimat de lectura\" \/>\n\t<meta name=\"twitter:data1\" content=\"2 minuts\" \/>\n<script type=\"application\/ld+json\" class=\"yoast-schema-graph\">{\"@context\":\"https:\\\/\\\/schema.org\",\"@graph\":[{\"@type\":\"WebPage\",\"@id\":\"https:\\\/\\\/www.loliferrer.com\\\/ca\\\/producto\\\/vinagre-organico-de-pedro-ximenez-100-ml\\\/\",\"url\":\"https:\\\/\\\/www.loliferrer.com\\\/ca\\\/producto\\\/vinagre-organico-de-pedro-ximenez-100-ml\\\/\",\"name\":\"Vinagre org\u00e0nic de Pedro Xim\u00e8nez - L'Oli Ferrer\",\"isPartOf\":{\"@id\":\"https:\\\/\\\/www.loliferrer.com\\\/ca\\\/#website\"},\"primaryImageOfPage\":{\"@id\":\"https:\\\/\\\/www.loliferrer.com\\\/ca\\\/producto\\\/vinagre-organico-de-pedro-ximenez-100-ml\\\/#primaryimage\"},\"image\":{\"@id\":\"https:\\\/\\\/www.loliferrer.com\\\/ca\\\/producto\\\/vinagre-organico-de-pedro-ximenez-100-ml\\\/#primaryimage\"},\"thumbnailUrl\":\"https:\\\/\\\/www.loliferrer.com\\\/wp-content\\\/uploads\\\/tienda-seleccio-gourmet-vinagre-organico-pedro-ximenez-loli-ferrer-catavins.jpg\",\"datePublished\":\"2015-12-07T15:27:19+00:00\",\"dateModified\":\"2021-06-25T13:46:18+00:00\",\"breadcrumb\":{\"@id\":\"https:\\\/\\\/www.loliferrer.com\\\/ca\\\/producto\\\/vinagre-organico-de-pedro-ximenez-100-ml\\\/#breadcrumb\"},\"inLanguage\":\"ca\",\"potentialAction\":[{\"@type\":\"ReadAction\",\"target\":[\"https:\\\/\\\/www.loliferrer.com\\\/ca\\\/producto\\\/vinagre-organico-de-pedro-ximenez-100-ml\\\/\"]}]},{\"@type\":\"ImageObject\",\"inLanguage\":\"ca\",\"@id\":\"https:\\\/\\\/www.loliferrer.com\\\/ca\\\/producto\\\/vinagre-organico-de-pedro-ximenez-100-ml\\\/#primaryimage\",\"url\":\"https:\\\/\\\/www.loliferrer.com\\\/wp-content\\\/uploads\\\/tienda-seleccio-gourmet-vinagre-organico-pedro-ximenez-loli-ferrer-catavins.jpg\",\"contentUrl\":\"https:\\\/\\\/www.loliferrer.com\\\/wp-content\\\/uploads\\\/tienda-seleccio-gourmet-vinagre-organico-pedro-ximenez-loli-ferrer-catavins.jpg\",\"width\":548,\"height\":821},{\"@type\":\"BreadcrumbList\",\"@id\":\"https:\\\/\\\/www.loliferrer.com\\\/ca\\\/producto\\\/vinagre-organico-de-pedro-ximenez-100-ml\\\/#breadcrumb\",\"itemListElement\":[{\"@type\":\"ListItem\",\"position\":1,\"name\":\"Portada\",\"item\":\"https:\\\/\\\/www.loliferrer.com\\\/ca\\\/\"},{\"@type\":\"ListItem\",\"position\":2,\"name\":\"Productes gourmet ecol\u00f2gics\",\"item\":\"https:\\\/\\\/www.loliferrer.com\\\/ca\\\/productes-gourmet-ecologics\\\/\"},{\"@type\":\"ListItem\",\"position\":3,\"name\":\"Vinagre org\u00e0nic de Pedro Xim\u00e8nez\"}]},{\"@type\":\"WebSite\",\"@id\":\"https:\\\/\\\/www.loliferrer.com\\\/ca\\\/#website\",\"url\":\"https:\\\/\\\/www.loliferrer.com\\\/ca\\\/\",\"name\":\"L'Oli Ferrer\",\"description\":\"Tienda Online de Productos Gourmet\",\"publisher\":{\"@id\":\"https:\\\/\\\/www.loliferrer.com\\\/ca\\\/#organization\"},\"potentialAction\":[{\"@type\":\"SearchAction\",\"target\":{\"@type\":\"EntryPoint\",\"urlTemplate\":\"https:\\\/\\\/www.loliferrer.com\\\/ca\\\/?s={search_term_string}\"},\"query-input\":{\"@type\":\"PropertyValueSpecification\",\"valueRequired\":true,\"valueName\":\"search_term_string\"}}],\"inLanguage\":\"ca\"},{\"@type\":\"Organization\",\"@id\":\"https:\\\/\\\/www.loliferrer.com\\\/ca\\\/#organization\",\"name\":\"L'oli Ferrer\",\"url\":\"https:\\\/\\\/www.loliferrer.com\\\/ca\\\/\",\"logo\":{\"@type\":\"ImageObject\",\"inLanguage\":\"ca\",\"@id\":\"https:\\\/\\\/www.loliferrer.com\\\/ca\\\/#\\\/schema\\\/logo\\\/image\\\/\",\"url\":\"https:\\\/\\\/www.loliferrer.com\\\/wp-content\\\/uploads\\\/logo-catavins-loliferrer-2018.png\",\"contentUrl\":\"https:\\\/\\\/www.loliferrer.com\\\/wp-content\\\/uploads\\\/logo-catavins-loliferrer-2018.png\",\"width\":302,\"height\":123,\"caption\":\"L'oli Ferrer\"},\"image\":{\"@id\":\"https:\\\/\\\/www.loliferrer.com\\\/ca\\\/#\\\/schema\\\/logo\\\/image\\\/\"}}]}<\/script>\n<!-- \/ Yoast SEO plugin. -->","yoast_head_json":{"title":"Vinagre org\u00e0nic de Pedro Xim\u00e8nez - L'Oli Ferrer","robots":{"index":"index","follow":"follow","max-snippet":"max-snippet:-1","max-image-preview":"max-image-preview:large","max-video-preview":"max-video-preview:-1"},"canonical":"https:\/\/www.loliferrer.com\/ca\/producto\/vinagre-organico-de-pedro-ximenez-100-ml\/","og_locale":"ca_ES","og_type":"article","og_title":"Vinagre org\u00e0nic de Pedro Xim\u00e8nez - L'Oli Ferrer","og_description":"Vinagre Gourmet Bals\u00e0mic de Pedro Xim\u00e8nez Vinagre gourmet bals\u00e0mic de Pedro Xim\u00e9nez org\u00e0nic de qualitat excepcional elaborat a partir la selecci\u00f3 del millor ra\u00efm 100% ecol\u00f2gic de la varietat de Pedro Xim\u00e9nez de cada collita, respectant la naturalesa i sense utilitzar productes de s\u00edntesi qu\u00edmica. El ra\u00efm es pansifica al sol de manera artesanal, mitjan\u00e7ant el proc\u00e9s \u201casoleo\u201d de deshidrataci\u00f3 en les paseras, quedant nom\u00e9s la concentraci\u00f3 de sucres en la pansa.","og_url":"https:\/\/www.loliferrer.com\/ca\/producto\/vinagre-organico-de-pedro-ximenez-100-ml\/","og_site_name":"L'Oli Ferrer","article_modified_time":"2021-06-25T13:46:18+00:00","og_image":[{"width":548,"height":821,"url":"https:\/\/www.loliferrer.com\/wp-content\/uploads\/tienda-seleccio-gourmet-vinagre-organico-pedro-ximenez-loli-ferrer-catavins.jpg","type":"image\/jpeg"}],"twitter_card":"summary_large_image","twitter_misc":{"Temps estimat de lectura":"2 minuts"},"schema":{"@context":"https:\/\/schema.org","@graph":[{"@type":"WebPage","@id":"https:\/\/www.loliferrer.com\/ca\/producto\/vinagre-organico-de-pedro-ximenez-100-ml\/","url":"https:\/\/www.loliferrer.com\/ca\/producto\/vinagre-organico-de-pedro-ximenez-100-ml\/","name":"Vinagre org\u00e0nic de Pedro Xim\u00e8nez - L'Oli Ferrer","isPartOf":{"@id":"https:\/\/www.loliferrer.com\/ca\/#website"},"primaryImageOfPage":{"@id":"https:\/\/www.loliferrer.com\/ca\/producto\/vinagre-organico-de-pedro-ximenez-100-ml\/#primaryimage"},"image":{"@id":"https:\/\/www.loliferrer.com\/ca\/producto\/vinagre-organico-de-pedro-ximenez-100-ml\/#primaryimage"},"thumbnailUrl":"https:\/\/www.loliferrer.com\/wp-content\/uploads\/tienda-seleccio-gourmet-vinagre-organico-pedro-ximenez-loli-ferrer-catavins.jpg","datePublished":"2015-12-07T15:27:19+00:00","dateModified":"2021-06-25T13:46:18+00:00","breadcrumb":{"@id":"https:\/\/www.loliferrer.com\/ca\/producto\/vinagre-organico-de-pedro-ximenez-100-ml\/#breadcrumb"},"inLanguage":"ca","potentialAction":[{"@type":"ReadAction","target":["https:\/\/www.loliferrer.com\/ca\/producto\/vinagre-organico-de-pedro-ximenez-100-ml\/"]}]},{"@type":"ImageObject","inLanguage":"ca","@id":"https:\/\/www.loliferrer.com\/ca\/producto\/vinagre-organico-de-pedro-ximenez-100-ml\/#primaryimage","url":"https:\/\/www.loliferrer.com\/wp-content\/uploads\/tienda-seleccio-gourmet-vinagre-organico-pedro-ximenez-loli-ferrer-catavins.jpg","contentUrl":"https:\/\/www.loliferrer.com\/wp-content\/uploads\/tienda-seleccio-gourmet-vinagre-organico-pedro-ximenez-loli-ferrer-catavins.jpg","width":548,"height":821},{"@type":"BreadcrumbList","@id":"https:\/\/www.loliferrer.com\/ca\/producto\/vinagre-organico-de-pedro-ximenez-100-ml\/#breadcrumb","itemListElement":[{"@type":"ListItem","position":1,"name":"Portada","item":"https:\/\/www.loliferrer.com\/ca\/"},{"@type":"ListItem","position":2,"name":"Productes gourmet ecol\u00f2gics","item":"https:\/\/www.loliferrer.com\/ca\/productes-gourmet-ecologics\/"},{"@type":"ListItem","position":3,"name":"Vinagre org\u00e0nic de Pedro Xim\u00e8nez"}]},{"@type":"WebSite","@id":"https:\/\/www.loliferrer.com\/ca\/#website","url":"https:\/\/www.loliferrer.com\/ca\/","name":"L'Oli Ferrer","description":"Tienda Online de Productos Gourmet","publisher":{"@id":"https:\/\/www.loliferrer.com\/ca\/#organization"},"potentialAction":[{"@type":"SearchAction","target":{"@type":"EntryPoint","urlTemplate":"https:\/\/www.loliferrer.com\/ca\/?s={search_term_string}"},"query-input":{"@type":"PropertyValueSpecification","valueRequired":true,"valueName":"search_term_string"}}],"inLanguage":"ca"},{"@type":"Organization","@id":"https:\/\/www.loliferrer.com\/ca\/#organization","name":"L'oli Ferrer","url":"https:\/\/www.loliferrer.com\/ca\/","logo":{"@type":"ImageObject","inLanguage":"ca","@id":"https:\/\/www.loliferrer.com\/ca\/#\/schema\/logo\/image\/","url":"https:\/\/www.loliferrer.com\/wp-content\/uploads\/logo-catavins-loliferrer-2018.png","contentUrl":"https:\/\/www.loliferrer.com\/wp-content\/uploads\/logo-catavins-loliferrer-2018.png","width":302,"height":123,"caption":"L'oli Ferrer"},"image":{"@id":"https:\/\/www.loliferrer.com\/ca\/#\/schema\/logo\/image\/"}}]}},"_links":{"self":[{"href":"https:\/\/www.loliferrer.com\/ca\/wp-json\/wp\/v2\/product\/1099","targetHints":{"allow":["GET"]}}],"collection":[{"href":"https:\/\/www.loliferrer.com\/ca\/wp-json\/wp\/v2\/product"}],"about":[{"href":"https:\/\/www.loliferrer.com\/ca\/wp-json\/wp\/v2\/types\/product"}],"replies":[{"embeddable":true,"href":"https:\/\/www.loliferrer.com\/ca\/wp-json\/wp\/v2\/comments?post=1099"}],"wp:featuredmedia":[{"embeddable":true,"href":"https:\/\/www.loliferrer.com\/ca\/wp-json\/wp\/v2\/media\/1070"}],"wp:attachment":[{"href":"https:\/\/www.loliferrer.com\/ca\/wp-json\/wp\/v2\/media?parent=1099"}],"wp:term":[{"taxonomy":"product_brand","embeddable":true,"href":"https:\/\/www.loliferrer.com\/ca\/wp-json\/wp\/v2\/product_brand?post=1099"},{"taxonomy":"product_cat","embeddable":true,"href":"https:\/\/www.loliferrer.com\/ca\/wp-json\/wp\/v2\/product_cat?post=1099"},{"taxonomy":"product_tag","embeddable":true,"href":"https:\/\/www.loliferrer.com\/ca\/wp-json\/wp\/v2\/product_tag?post=1099"}],"curies":[{"name":"wp","href":"https:\/\/api.w.org\/{rel}","templated":true}]}}