{"id":1092,"date":"2015-12-07T16:55:06","date_gmt":"2015-12-07T15:55:06","guid":{"rendered":"https:\/\/www.loliferrer.com\/ca\/producto\/flor-de-sal-del-mediterraneo\/"},"modified":"2021-03-22T18:52:39","modified_gmt":"2021-03-22T17:52:39","slug":"flor-de-sal-del-mediterraneo","status":"publish","type":"product","link":"https:\/\/www.loliferrer.com\/ca\/producto\/flor-de-sal-del-mediterraneo\/","title":{"rendered":"Flor de sal del Mediterrani L&#8217;Oli Ferrer"},"content":{"rendered":"<h2>Flor de Sal Ecol\u00f2gica<\/h2>\n<p>\u00c9s un producte 100% natural sense tractaments ni additius i sense modificar les caracter\u00edstiques organol\u00e8ptiques, f\u00edsiques o qu\u00edmiques, obtenint el que alguns denominen la reina de la sal per la seva excepcional qualitat. El seu \u00fas s&#8217;ha convertit un ingredient necessari de les millors cuines.<\/p>\n<p>La Flor de sal \u00e9s una sal ecol\u00f2gica gourmet, reconeguda com una sal marina d&#8217;alt\u00edssima qualitat, pel seu sabor i per les seves nombroses propietats, ja que \u00e9s la que t\u00e9 m\u00e9s nutrients del mercat. A l&#8217;\u00e9sser d&#8217;origen mar\u00ed es caracteritza per tenir m\u00e9s de 80 minerals i contenir un 80% dels oligoelements necessaris per a l&#8217;organisme: iode, magnesi, seleni, fluor i potassi. Es la sal amb m\u00e9s nutrients del mercat, b\u00e0sics per a la salut.<\/p>\n<p>Disponible en pot de vidre de 50 gr.<\/p>\n<h2>Beneficis de la flor de sal<\/h2>\n<p>Un dels majors beneficis de la flor de sal per a la salut, \u00e9s el seu baix contingut en sodi, t\u00e9 entre un 93-94% de clorur s\u00f2dic versus un 99% de la sal comuna. Se suposa que \u00e9s hipot\u00f2nica i que no produeix retenci\u00f3 de l\u00edquids. T\u00e9 un sabor menys salat que altres sals, no s&#8217;endureix i es dissol f\u00e0cilment en el paladar.<\/p>\n","protected":false},"excerpt":{"rendered":"<h2>Flor de Sal del Mediterrani<\/h2>\n<p>La Flor de Sal del Mediterrani L\u2019OLI FERRER \u00e9s la forma pura de la sal, que cristal\u00b7litza en la superf\u00edcie de l&#8217;aigua, en fines l\u00e0mines per l&#8217;evaporaci\u00f3 de l&#8217;aigua de la mar, recol\u00b7lectada la sal en forma de flor de les capes superiors de les salines i recollida manualment mitjan\u00e7ant t\u00e8cniques completament artesanals en les salines del Delta de l&#8217;Ebre (Tarragona), entre els mesos d&#8217;abril a setembre, sent posteriorment assecada al sol.<\/p>\n","protected":false},"featured_media":1083,"comment_status":"open","ping_status":"closed","template":"","meta":[],"product_brand":[],"product_cat":[148],"product_tag":[],"class_list":{"0":"post-1092","1":"product","2":"type-product","3":"status-publish","4":"has-post-thumbnail","6":"product_cat-flor-sal","8":"first","9":"instock","10":"taxable","11":"shipping-taxable","12":"purchasable","13":"product-type-simple"},"yoast_head":"<!-- This site is optimized with the Yoast SEO plugin v27.5 - https:\/\/yoast.com\/product\/yoast-seo-wordpress\/ -->\n<title>Flor de sal del Mediterrani L&#039;Oli Ferrer - L&#039;Oli Ferrer<\/title>\n<meta name=\"robots\" content=\"index, follow, max-snippet:-1, max-image-preview:large, max-video-preview:-1\" \/>\n<link rel=\"canonical\" href=\"https:\/\/www.loliferrer.com\/ca\/producto\/flor-de-sal-del-mediterraneo\/\" \/>\n<meta property=\"og:locale\" content=\"ca_ES\" \/>\n<meta property=\"og:type\" content=\"article\" \/>\n<meta property=\"og:title\" content=\"Flor de sal del Mediterrani L&#039;Oli Ferrer - L&#039;Oli Ferrer\" \/>\n<meta property=\"og:description\" content=\"Flor de Sal del Mediterrani La Flor de Sal del Mediterrani L\u2019OLI FERRER \u00e9s la forma pura de la sal, que cristal\u00b7litza en la superf\u00edcie de l&#039;aigua, en fines l\u00e0mines per l&#039;evaporaci\u00f3 de l&#039;aigua de la mar, recol\u00b7lectada la sal en forma de flor de les capes superiors de les salines i recollida manualment mitjan\u00e7ant t\u00e8cniques completament artesanals en les salines del Delta de l&#039;Ebre (Tarragona), entre els mesos d&#039;abril a setembre, sent posteriorment assecada al sol.\" \/>\n<meta property=\"og:url\" content=\"https:\/\/www.loliferrer.com\/ca\/producto\/flor-de-sal-del-mediterraneo\/\" \/>\n<meta property=\"og:site_name\" content=\"L&#039;Oli Ferrer\" \/>\n<meta property=\"article:modified_time\" content=\"2021-03-22T17:52:39+00:00\" \/>\n<meta property=\"og:image\" content=\"https:\/\/www.loliferrer.com\/wp-content\/uploads\/tienda-flor-sal-mediterraneo-loli-ferrer-catavins.jpg\" \/>\n\t<meta property=\"og:image:width\" content=\"548\" \/>\n\t<meta property=\"og:image:height\" content=\"821\" \/>\n\t<meta property=\"og:image:type\" content=\"image\/jpeg\" \/>\n<meta name=\"twitter:card\" content=\"summary_large_image\" \/>\n<meta name=\"twitter:label1\" content=\"Temps estimat de lectura\" \/>\n\t<meta name=\"twitter:data1\" content=\"1 minut\" \/>\n<script type=\"application\/ld+json\" class=\"yoast-schema-graph\">{\"@context\":\"https:\\\/\\\/schema.org\",\"@graph\":[{\"@type\":\"WebPage\",\"@id\":\"https:\\\/\\\/www.loliferrer.com\\\/ca\\\/producto\\\/flor-de-sal-del-mediterraneo\\\/\",\"url\":\"https:\\\/\\\/www.loliferrer.com\\\/ca\\\/producto\\\/flor-de-sal-del-mediterraneo\\\/\",\"name\":\"Flor de sal del Mediterrani L'Oli Ferrer - L'Oli Ferrer\",\"isPartOf\":{\"@id\":\"https:\\\/\\\/www.loliferrer.com\\\/ca\\\/#website\"},\"primaryImageOfPage\":{\"@id\":\"https:\\\/\\\/www.loliferrer.com\\\/ca\\\/producto\\\/flor-de-sal-del-mediterraneo\\\/#primaryimage\"},\"image\":{\"@id\":\"https:\\\/\\\/www.loliferrer.com\\\/ca\\\/producto\\\/flor-de-sal-del-mediterraneo\\\/#primaryimage\"},\"thumbnailUrl\":\"https:\\\/\\\/www.loliferrer.com\\\/wp-content\\\/uploads\\\/tienda-flor-sal-mediterraneo-loli-ferrer-catavins.jpg\",\"datePublished\":\"2015-12-07T15:55:06+00:00\",\"dateModified\":\"2021-03-22T17:52:39+00:00\",\"breadcrumb\":{\"@id\":\"https:\\\/\\\/www.loliferrer.com\\\/ca\\\/producto\\\/flor-de-sal-del-mediterraneo\\\/#breadcrumb\"},\"inLanguage\":\"ca\",\"potentialAction\":[{\"@type\":\"ReadAction\",\"target\":[\"https:\\\/\\\/www.loliferrer.com\\\/ca\\\/producto\\\/flor-de-sal-del-mediterraneo\\\/\"]}]},{\"@type\":\"ImageObject\",\"inLanguage\":\"ca\",\"@id\":\"https:\\\/\\\/www.loliferrer.com\\\/ca\\\/producto\\\/flor-de-sal-del-mediterraneo\\\/#primaryimage\",\"url\":\"https:\\\/\\\/www.loliferrer.com\\\/wp-content\\\/uploads\\\/tienda-flor-sal-mediterraneo-loli-ferrer-catavins.jpg\",\"contentUrl\":\"https:\\\/\\\/www.loliferrer.com\\\/wp-content\\\/uploads\\\/tienda-flor-sal-mediterraneo-loli-ferrer-catavins.jpg\",\"width\":548,\"height\":821},{\"@type\":\"BreadcrumbList\",\"@id\":\"https:\\\/\\\/www.loliferrer.com\\\/ca\\\/producto\\\/flor-de-sal-del-mediterraneo\\\/#breadcrumb\",\"itemListElement\":[{\"@type\":\"ListItem\",\"position\":1,\"name\":\"Portada\",\"item\":\"https:\\\/\\\/www.loliferrer.com\\\/ca\\\/\"},{\"@type\":\"ListItem\",\"position\":2,\"name\":\"Productes gourmet ecol\u00f2gics\",\"item\":\"https:\\\/\\\/www.loliferrer.com\\\/ca\\\/productes-gourmet-ecologics\\\/\"},{\"@type\":\"ListItem\",\"position\":3,\"name\":\"Flor de sal del Mediterrani L&#8217;Oli Ferrer\"}]},{\"@type\":\"WebSite\",\"@id\":\"https:\\\/\\\/www.loliferrer.com\\\/ca\\\/#website\",\"url\":\"https:\\\/\\\/www.loliferrer.com\\\/ca\\\/\",\"name\":\"L'Oli Ferrer\",\"description\":\"Tienda Online de Productos Gourmet\",\"publisher\":{\"@id\":\"https:\\\/\\\/www.loliferrer.com\\\/ca\\\/#organization\"},\"potentialAction\":[{\"@type\":\"SearchAction\",\"target\":{\"@type\":\"EntryPoint\",\"urlTemplate\":\"https:\\\/\\\/www.loliferrer.com\\\/ca\\\/?s={search_term_string}\"},\"query-input\":{\"@type\":\"PropertyValueSpecification\",\"valueRequired\":true,\"valueName\":\"search_term_string\"}}],\"inLanguage\":\"ca\"},{\"@type\":\"Organization\",\"@id\":\"https:\\\/\\\/www.loliferrer.com\\\/ca\\\/#organization\",\"name\":\"L'oli Ferrer\",\"url\":\"https:\\\/\\\/www.loliferrer.com\\\/ca\\\/\",\"logo\":{\"@type\":\"ImageObject\",\"inLanguage\":\"ca\",\"@id\":\"https:\\\/\\\/www.loliferrer.com\\\/ca\\\/#\\\/schema\\\/logo\\\/image\\\/\",\"url\":\"https:\\\/\\\/www.loliferrer.com\\\/wp-content\\\/uploads\\\/logo-catavins-loliferrer-2018.png\",\"contentUrl\":\"https:\\\/\\\/www.loliferrer.com\\\/wp-content\\\/uploads\\\/logo-catavins-loliferrer-2018.png\",\"width\":302,\"height\":123,\"caption\":\"L'oli Ferrer\"},\"image\":{\"@id\":\"https:\\\/\\\/www.loliferrer.com\\\/ca\\\/#\\\/schema\\\/logo\\\/image\\\/\"}}]}<\/script>\n<!-- \/ Yoast SEO plugin. -->","yoast_head_json":{"title":"Flor de sal del Mediterrani L'Oli Ferrer - L'Oli Ferrer","robots":{"index":"index","follow":"follow","max-snippet":"max-snippet:-1","max-image-preview":"max-image-preview:large","max-video-preview":"max-video-preview:-1"},"canonical":"https:\/\/www.loliferrer.com\/ca\/producto\/flor-de-sal-del-mediterraneo\/","og_locale":"ca_ES","og_type":"article","og_title":"Flor de sal del Mediterrani L'Oli Ferrer - L'Oli Ferrer","og_description":"Flor de Sal del Mediterrani La Flor de Sal del Mediterrani L\u2019OLI FERRER \u00e9s la forma pura de la sal, que cristal\u00b7litza en la superf\u00edcie de l'aigua, en fines l\u00e0mines per l'evaporaci\u00f3 de l'aigua de la mar, recol\u00b7lectada la sal en forma de flor de les capes superiors de les salines i recollida manualment mitjan\u00e7ant t\u00e8cniques completament artesanals en les salines del Delta de l'Ebre (Tarragona), entre els mesos d'abril a setembre, sent posteriorment assecada al sol.","og_url":"https:\/\/www.loliferrer.com\/ca\/producto\/flor-de-sal-del-mediterraneo\/","og_site_name":"L'Oli Ferrer","article_modified_time":"2021-03-22T17:52:39+00:00","og_image":[{"width":548,"height":821,"url":"https:\/\/www.loliferrer.com\/wp-content\/uploads\/tienda-flor-sal-mediterraneo-loli-ferrer-catavins.jpg","type":"image\/jpeg"}],"twitter_card":"summary_large_image","twitter_misc":{"Temps estimat de lectura":"1 minut"},"schema":{"@context":"https:\/\/schema.org","@graph":[{"@type":"WebPage","@id":"https:\/\/www.loliferrer.com\/ca\/producto\/flor-de-sal-del-mediterraneo\/","url":"https:\/\/www.loliferrer.com\/ca\/producto\/flor-de-sal-del-mediterraneo\/","name":"Flor de sal del Mediterrani L'Oli Ferrer - L'Oli Ferrer","isPartOf":{"@id":"https:\/\/www.loliferrer.com\/ca\/#website"},"primaryImageOfPage":{"@id":"https:\/\/www.loliferrer.com\/ca\/producto\/flor-de-sal-del-mediterraneo\/#primaryimage"},"image":{"@id":"https:\/\/www.loliferrer.com\/ca\/producto\/flor-de-sal-del-mediterraneo\/#primaryimage"},"thumbnailUrl":"https:\/\/www.loliferrer.com\/wp-content\/uploads\/tienda-flor-sal-mediterraneo-loli-ferrer-catavins.jpg","datePublished":"2015-12-07T15:55:06+00:00","dateModified":"2021-03-22T17:52:39+00:00","breadcrumb":{"@id":"https:\/\/www.loliferrer.com\/ca\/producto\/flor-de-sal-del-mediterraneo\/#breadcrumb"},"inLanguage":"ca","potentialAction":[{"@type":"ReadAction","target":["https:\/\/www.loliferrer.com\/ca\/producto\/flor-de-sal-del-mediterraneo\/"]}]},{"@type":"ImageObject","inLanguage":"ca","@id":"https:\/\/www.loliferrer.com\/ca\/producto\/flor-de-sal-del-mediterraneo\/#primaryimage","url":"https:\/\/www.loliferrer.com\/wp-content\/uploads\/tienda-flor-sal-mediterraneo-loli-ferrer-catavins.jpg","contentUrl":"https:\/\/www.loliferrer.com\/wp-content\/uploads\/tienda-flor-sal-mediterraneo-loli-ferrer-catavins.jpg","width":548,"height":821},{"@type":"BreadcrumbList","@id":"https:\/\/www.loliferrer.com\/ca\/producto\/flor-de-sal-del-mediterraneo\/#breadcrumb","itemListElement":[{"@type":"ListItem","position":1,"name":"Portada","item":"https:\/\/www.loliferrer.com\/ca\/"},{"@type":"ListItem","position":2,"name":"Productes gourmet ecol\u00f2gics","item":"https:\/\/www.loliferrer.com\/ca\/productes-gourmet-ecologics\/"},{"@type":"ListItem","position":3,"name":"Flor de sal del Mediterrani L&#8217;Oli Ferrer"}]},{"@type":"WebSite","@id":"https:\/\/www.loliferrer.com\/ca\/#website","url":"https:\/\/www.loliferrer.com\/ca\/","name":"L'Oli Ferrer","description":"Tienda Online de Productos Gourmet","publisher":{"@id":"https:\/\/www.loliferrer.com\/ca\/#organization"},"potentialAction":[{"@type":"SearchAction","target":{"@type":"EntryPoint","urlTemplate":"https:\/\/www.loliferrer.com\/ca\/?s={search_term_string}"},"query-input":{"@type":"PropertyValueSpecification","valueRequired":true,"valueName":"search_term_string"}}],"inLanguage":"ca"},{"@type":"Organization","@id":"https:\/\/www.loliferrer.com\/ca\/#organization","name":"L'oli Ferrer","url":"https:\/\/www.loliferrer.com\/ca\/","logo":{"@type":"ImageObject","inLanguage":"ca","@id":"https:\/\/www.loliferrer.com\/ca\/#\/schema\/logo\/image\/","url":"https:\/\/www.loliferrer.com\/wp-content\/uploads\/logo-catavins-loliferrer-2018.png","contentUrl":"https:\/\/www.loliferrer.com\/wp-content\/uploads\/logo-catavins-loliferrer-2018.png","width":302,"height":123,"caption":"L'oli Ferrer"},"image":{"@id":"https:\/\/www.loliferrer.com\/ca\/#\/schema\/logo\/image\/"}}]}},"_links":{"self":[{"href":"https:\/\/www.loliferrer.com\/ca\/wp-json\/wp\/v2\/product\/1092","targetHints":{"allow":["GET"]}}],"collection":[{"href":"https:\/\/www.loliferrer.com\/ca\/wp-json\/wp\/v2\/product"}],"about":[{"href":"https:\/\/www.loliferrer.com\/ca\/wp-json\/wp\/v2\/types\/product"}],"replies":[{"embeddable":true,"href":"https:\/\/www.loliferrer.com\/ca\/wp-json\/wp\/v2\/comments?post=1092"}],"wp:featuredmedia":[{"embeddable":true,"href":"https:\/\/www.loliferrer.com\/ca\/wp-json\/wp\/v2\/media\/1083"}],"wp:attachment":[{"href":"https:\/\/www.loliferrer.com\/ca\/wp-json\/wp\/v2\/media?parent=1092"}],"wp:term":[{"taxonomy":"product_brand","embeddable":true,"href":"https:\/\/www.loliferrer.com\/ca\/wp-json\/wp\/v2\/product_brand?post=1092"},{"taxonomy":"product_cat","embeddable":true,"href":"https:\/\/www.loliferrer.com\/ca\/wp-json\/wp\/v2\/product_cat?post=1092"},{"taxonomy":"product_tag","embeddable":true,"href":"https:\/\/www.loliferrer.com\/ca\/wp-json\/wp\/v2\/product_tag?post=1092"}],"curies":[{"name":"wp","href":"https:\/\/api.w.org\/{rel}","templated":true}]}}